{"id":4612,"date":"2024-09-25T10:47:50","date_gmt":"2024-09-25T08:47:50","guid":{"rendered":"http:\/\/editionsdudetour.com\/?page_id=4612"},"modified":"2024-09-25T10:58:11","modified_gmt":"2024-09-25T08:58:11","slug":"venez-rencontrer-mathilde-larrere","status":"publish","type":"page","link":"https:\/\/editionsdudetour.com\/index.php\/venez-rencontrer-mathilde-larrere\/","title":{"rendered":"Venez rencontrer Mathilde Larr\u00e8re !"},"content":{"rendered":"\n<figure class=\"wp-block-gallery columns-2 is-cropped\"><ul class=\"blocks-gallery-grid\"><li class=\"blocks-gallery-item\"><figure><img loading=\"lazy\" width=\"717\" height=\"1024\" src=\"https:\/\/editionsdudetour.com\/wp-content\/uploads\/2024\/09\/On-sest-battu\u00b7es-pour-les-gagner-couverture-717x1024.png\" alt=\"\" data-id=\"4614\" data-link=\"https:\/\/editionsdudetour.com\/?attachment_id=4614\" class=\"wp-image-4614\" srcset=\"https:\/\/editionsdudetour.com\/wp-content\/uploads\/2024\/09\/On-sest-battu\u00b7es-pour-les-gagner-couverture-717x1024.png 717w, https:\/\/editionsdudetour.com\/wp-content\/uploads\/2024\/09\/On-sest-battu\u00b7es-pour-les-gagner-couverture-210x300.png 210w, https:\/\/editionsdudetour.com\/wp-content\/uploads\/2024\/09\/On-sest-battu\u00b7es-pour-les-gagner-couverture-768x1097.png 768w, https:\/\/editionsdudetour.com\/wp-content\/uploads\/2024\/09\/On-sest-battu\u00b7es-pour-les-gagner-couverture-624x891.png 624w, https:\/\/editionsdudetour.com\/wp-content\/uploads\/2024\/09\/On-sest-battu\u00b7es-pour-les-gagner-couverture.png 840w\" sizes=\"(max-width: 717px) 100vw, 717px\" \/><\/figure><\/li><li class=\"blocks-gallery-item\"><figure><img loading=\"lazy\" width=\"1024\" height=\"681\" src=\"https:\/\/editionsdudetour.com\/wp-content\/uploads\/2024\/09\/mathilde-larre\u0300re-c-Julien-Jaulin-2-1024x681.jpg\" alt=\"\" data-id=\"4618\" data-full-url=\"https:\/\/editionsdudetour.com\/wp-content\/uploads\/2024\/09\/mathilde-larre\u0300re-c-Julien-Jaulin-2-scaled.jpg\" data-link=\"https:\/\/editionsdudetour.com\/index.php\/venez-rencontrer-mathilde-larrere\/portrait-de-mathilde-ferrere-6\/\" class=\"wp-image-4618\" srcset=\"https:\/\/editionsdudetour.com\/wp-content\/uploads\/2024\/09\/mathilde-larre\u0300re-c-Julien-Jaulin-2-1024x681.jpg 1024w, https:\/\/editionsdudetour.com\/wp-content\/uploads\/2024\/09\/mathilde-larre\u0300re-c-Julien-Jaulin-2-300x200.jpg 300w, https:\/\/editionsdudetour.com\/wp-content\/uploads\/2024\/09\/mathilde-larre\u0300re-c-Julien-Jaulin-2-768x511.jpg 768w, https:\/\/editionsdudetour.com\/wp-content\/uploads\/2024\/09\/mathilde-larre\u0300re-c-Julien-Jaulin-2-1536x1022.jpg 1536w, https:\/\/editionsdudetour.com\/wp-content\/uploads\/2024\/09\/mathilde-larre\u0300re-c-Julien-Jaulin-2-2048x1363.jpg 2048w, https:\/\/editionsdudetour.com\/wp-content\/uploads\/2024\/09\/mathilde-larre\u0300re-c-Julien-Jaulin-2-624x415.jpg 624w, https:\/\/editionsdudetour.com\/wp-content\/uploads\/2024\/09\/mathilde-larre\u0300re-c-Julien-Jaulin-2-1320x878.jpg 1320w\" sizes=\"(max-width: 1024px) 100vw, 1024px\" \/><figcaption class=\"blocks-gallery-item__caption\">@Julien Jaulin\/hanslucas<\/figcaption><\/figure><\/li><\/ul><\/figure>\n\n\n\n<ul>\n<li>2 octobre \u00e0 19h00 \u00e0 Paris, Libraires les Nouveaut\u00e9s&nbsp;45, Bis rue du Faubourg du Temple m\u00e9tro&nbsp;r\u00e9publique&nbsp;ou&nbsp;Goncourt<\/li>\n<li>11 octobre \u00e0 15h30 \u00e0 Blois, d\u00e9dicace sur le stand des Editions du D\u00e9tour stand 218-228<\/li>\n<li>18 octobre \u00e0 19h \u00e0 Angoul\u00eame, Librairie Lilosimages<\/li>\n<li>19 octobre \u00e0 17h (heure \u00e0 confirmer) \u00e0 La Rochelle, librairie Les Rebelles ordinaires<\/li>\n<li>16 novembre \u00e0 19h \u00e0 Orl\u00e9ans, Librairie Les Temps modernes, en partenariat avec l&rsquo;association F\u00e9ministes en tous genres 45.<\/li>\n<li>et d&rsquo;autres \u00e0 venir, bient\u00f4t annonc\u00e9es ici !<\/li>\n<\/ul>\n<p>Pour en caler d&rsquo;autres : evenementiel@editionsdudetour.com<\/p>\n\n\n\n<p>\u00a0<\/p>\n<p>\u00a0<\/p>\n","protected":false},"excerpt":{"rendered":"<p>2 octobre \u00e0 19h00 \u00e0 Paris, Libraires les Nouveaut\u00e9s&nbsp;45, Bis rue du Faubourg du Temple m\u00e9tro&nbsp;r\u00e9publique&nbsp;ou&nbsp;Goncourt 11 octobre \u00e0 15h30 \u00e0 Blois, d\u00e9dicace sur le stand des Editions du D\u00e9tour stand 218-228 18 octobre \u00e0 19h \u00e0 Angoul\u00eame, Librairie Lilosimages 19 octobre \u00e0 17h (heure \u00e0 confirmer) \u00e0 La Rochelle, librairie Les Rebelles ordinaires 16 [&hellip;]<\/p>\n","protected":false},"author":1,"featured_media":0,"parent":0,"menu_order":0,"comment_status":"closed","ping_status":"closed","template":"","meta":[],"_links":{"self":[{"href":"https:\/\/editionsdudetour.com\/index.php\/wp-json\/wp\/v2\/pages\/4612"}],"collection":[{"href":"https:\/\/editionsdudetour.com\/index.php\/wp-json\/wp\/v2\/pages"}],"about":[{"href":"https:\/\/editionsdudetour.com\/index.php\/wp-json\/wp\/v2\/types\/page"}],"author":[{"embeddable":true,"href":"https:\/\/editionsdudetour.com\/index.php\/wp-json\/wp\/v2\/users\/1"}],"replies":[{"embeddable":true,"href":"https:\/\/editionsdudetour.com\/index.php\/wp-json\/wp\/v2\/comments?post=4612"}],"version-history":[{"count":4,"href":"https:\/\/editionsdudetour.com\/index.php\/wp-json\/wp\/v2\/pages\/4612\/revisions"}],"predecessor-version":[{"id":4621,"href":"https:\/\/editionsdudetour.com\/index.php\/wp-json\/wp\/v2\/pages\/4612\/revisions\/4621"}],"wp:attachment":[{"href":"https:\/\/editionsdudetour.com\/index.php\/wp-json\/wp\/v2\/media?parent=4612"}],"curies":[{"name":"wp","href":"https:\/\/api.w.org\/{rel}","templated":true}]}}