{"id":3384,"date":"2023-01-14T11:42:19","date_gmt":"2023-01-14T10:42:19","guid":{"rendered":"http:\/\/editionsdudetour.com\/?page_id=3384"},"modified":"2025-02-14T15:41:44","modified_gmt":"2025-02-14T14:41:44","slug":"musulman","status":"publish","type":"page","link":"https:\/\/editionsdudetour.com\/index.php\/les-livres\/musulman\/","title":{"rendered":""},"content":{"rendered":"\n<h1><a href=\"https:\/\/editionsdudetour.com\/wp-content\/uploads\/2020\/08\/couv-Musulman-scaled.jpg\" rel=\"https:\/\/editionsdudetour.com\/wp-content\/uploads\/2020\/08\/couv-Musulman-scaled.jpg\"><img loading=\"lazy\" class=\"alignleft wp-image-3390\" src=\"http:\/\/editionsdudetour.com\/wp-content\/uploads\/2023\/01\/500couv-Musulman-scaled-1.jpg\" alt=\"\" width=\"256\" height=\"397\" srcset=\"https:\/\/editionsdudetour.com\/wp-content\/uploads\/2023\/01\/500couv-Musulman-scaled-1.jpg 500w, https:\/\/editionsdudetour.com\/wp-content\/uploads\/2023\/01\/500couv-Musulman-scaled-1-193x300.jpg 193w\" sizes=\"(max-width: 256px) 100vw, 256px\" \/><\/a>Musulman<\/h1>\n<h2>Une assignation ?<\/h2>\n<h3>Marie-Claire Willems<\/h3>\n<p><em>Le mot \u00ab\u2009musulman\u2009\u00bb \u2014 \u00e0 la fois religion, culture et origine \u2014 nourrit en France de nombreux fantasmes : il est urgent de mettre en questions cette pr\u00e9tendue \u00ab identit\u00e9\u00a0\u00bb.<\/em><\/p>\n<p>Sur quels crit\u00e8res se fonde l\u2019affirmation que l\u2019islam est la deuxi\u00e8me religion en France aujourd\u2019hui ? Comptabilise-t-on de la m\u00eame mani\u00e8re un musulman pratiquant et un ath\u00e9e \u00ab d\u2019origine \u00bb ou de \u00ab culture \u00bb musulmane\u00a0? Marie-Claire Willems, sociologue, a enqu\u00eat\u00e9 aupr\u00e8s des premiers concern\u00e9s et se livre \u00e0 une sociohistoire de ce mot pour en \u00e9clairer les pi\u00e8ges. <br \/>En interrogeant les fronti\u00e8res de l\u2019identit\u00e9 musulmane (v\u00e9cue ou attribu\u00e9e), l\u2019autrice analyse les enjeux de cette cat\u00e9gorisation et des repr\u00e9sentations qui lui sont associ\u00e9es. <em>Musulman<\/em> r\u00e9fl\u00e9chit aux diff\u00e9rentes d\u00e9finitions du terme et \u00e0 la mani\u00e8re dont les musulmans s\u2019identifient, avec pour question centrale : qu\u2019est-ce qu\u2019\u00eatre musulmane et musulman aujourd\u2019hui en France\u00a0?<br \/>Un essai qui va au devant des id\u00e9es re\u00e7ues, avec rigueur et humanit\u00e9.<\/p>\n<p><strong><span style=\"color: #993300;\">Marie-Claire Willems<\/span><\/strong> est docteure en sociologie, membre du laboratoire Sociologie, philosophie et anthropologie politique (Sophiapol) de l\u2019universit\u00e9 Paris-Nanterre et de l\u2019Association fran\u00e7aise des sciences sociales des religions (AFSR).<\/p>\n<table style=\"width: 100%; height: 259px;\">\n<tbody>\n<tr style=\"height: 37px;\">\n<td style=\"height: 37px;\">Parution : 19 janvier 2023<\/td>\n<\/tr>\n<tr style=\"height: 37px;\">\n<td style=\"height: 37px;\">Genre : essai<\/td>\n<\/tr>\n<tr style=\"height: 37px;\">\n<td style=\"height: 37px;\">Domaine : sociologie<\/td>\n<\/tr>\n<tr style=\"height: 37px;\">\n<td style=\"height: 37px;\">18 \u20ac<\/td>\n<\/tr>\n<tr style=\"height: 37px;\">\n<td style=\"height: 37px;\">208 pages, broch\u00e9<\/td>\n<\/tr>\n<tr style=\"height: 37px;\">\n<td style=\"height: 37px;\">Format : 14X22 cm<\/td>\n<\/tr>\n<tr style=\"height: 37px;\">\n<td style=\"height: 37px;\">ISBN : 979-10-97079-27-7<\/td>\n<\/tr>\n<\/tbody>\n<\/table>\n<h3>Introduction et table des mati\u00e8res<\/h3>\n\n\n\t\t<style>\r\n            #h5vp69f4550de7b40 iframe {  width: 100%; }        <\/style>\r\n        \t    <div id=\"h5vp69f4550de7b40\" class=\"pdfp_wrapper\">\r\n                        <div class=\"cta_wrapper\">\r\n                                    <p>File name :  Musulman-\u2013-extrait-pour-site.pdf<\/p>\r\n                \t            <p><a class=\"fullscreenBtn\" href=\"https:\/\/editionsdudetour.com\/wp-content\/plugins\/pdf-poster\/pdfjs\/web\/viewer.html?file=http:\/\/editionsdudetour.com\/wp-content\/uploads\/2023\/01\/Musulman-\u2013-extrait-pour-site.pdf&#038;download=true&#038;print=&#038;openfile=false\"><button>View Fullscreen<\/button><\/a><\/p>\r\n            <\/div>\r\n            <div class=\"iframe_wrapper\">\r\n                <iframe loading=\"lazy\" width=\"100%\" height=\"842px\" src=\"https:\/\/editionsdudetour.com\/wp-content\/plugins\/pdf-poster\/pdfjs\/web\/viewer.html?file=http:\/\/editionsdudetour.com\/wp-content\/uploads\/2023\/01\/Musulman-\u2013-extrait-pour-site.pdf&#038;download=true&#038;print=&#038;openfile=false\"><\/iframe>\r\n            <\/div>\r\n\t    <\/div>\r\n        ","protected":false},"excerpt":{"rendered":"<p>Musulman Une assignation ? Marie-Claire Willems Le mot \u00ab\u2009musulman\u2009\u00bb \u2014 \u00e0 la fois religion, culture et origine \u2014 nourrit en France de nombreux fantasmes : il est urgent de mettre en questions cette pr\u00e9tendue \u00ab identit\u00e9\u00a0\u00bb. Sur quels crit\u00e8res se fonde l\u2019affirmation que l\u2019islam est la deuxi\u00e8me religion en France aujourd\u2019hui ? Comptabilise-t-on de la [&hellip;]<\/p>\n","protected":false},"author":2,"featured_media":0,"parent":14,"menu_order":0,"comment_status":"closed","ping_status":"closed","template":"","meta":[],"_links":{"self":[{"href":"https:\/\/editionsdudetour.com\/index.php\/wp-json\/wp\/v2\/pages\/3384"}],"collection":[{"href":"https:\/\/editionsdudetour.com\/index.php\/wp-json\/wp\/v2\/pages"}],"about":[{"href":"https:\/\/editionsdudetour.com\/index.php\/wp-json\/wp\/v2\/types\/page"}],"author":[{"embeddable":true,"href":"https:\/\/editionsdudetour.com\/index.php\/wp-json\/wp\/v2\/users\/2"}],"replies":[{"embeddable":true,"href":"https:\/\/editionsdudetour.com\/index.php\/wp-json\/wp\/v2\/comments?post=3384"}],"version-history":[{"count":11,"href":"https:\/\/editionsdudetour.com\/index.php\/wp-json\/wp\/v2\/pages\/3384\/revisions"}],"predecessor-version":[{"id":4773,"href":"https:\/\/editionsdudetour.com\/index.php\/wp-json\/wp\/v2\/pages\/3384\/revisions\/4773"}],"up":[{"embeddable":true,"href":"https:\/\/editionsdudetour.com\/index.php\/wp-json\/wp\/v2\/pages\/14"}],"wp:attachment":[{"href":"https:\/\/editionsdudetour.com\/index.php\/wp-json\/wp\/v2\/media?parent=3384"}],"curies":[{"name":"wp","href":"https:\/\/api.w.org\/{rel}","templated":true}]}}