{"id":3345,"date":"2022-11-16T09:37:52","date_gmt":"2022-11-16T08:37:52","guid":{"rendered":"http:\/\/editionsdudetour.com\/?page_id=3345"},"modified":"2025-01-27T17:59:21","modified_gmt":"2025-01-27T16:59:21","slug":"voyage-au-congo","status":"publish","type":"page","link":"https:\/\/editionsdudetour.com\/index.php\/voyage-au-congo\/","title":{"rendered":"Voyage au Congo"},"content":{"rendered":"\n<h1><a href=\"http:\/\/editionsdudetour.com\/wp-content\/uploads\/2022\/08\/Voyage-au-Congo-\u2013-Couverture-EP1-scaled.jpg\" rel=\"attachment wp-att-3193\"><img loading=\"lazy\" class=\"alignleft wp-image-3193\" src=\"http:\/\/editionsdudetour.com\/wp-content\/uploads\/2022\/08\/Voyage-au-Congo-\u2013-Couverture-EP1-683x1024.jpg\" alt=\"\" width=\"256\" height=\"384\" srcset=\"https:\/\/editionsdudetour.com\/wp-content\/uploads\/2022\/08\/Voyage-au-Congo-\u2013-Couverture-EP1-683x1024.jpg 683w, https:\/\/editionsdudetour.com\/wp-content\/uploads\/2022\/08\/Voyage-au-Congo-\u2013-Couverture-EP1-200x300.jpg 200w, https:\/\/editionsdudetour.com\/wp-content\/uploads\/2022\/08\/Voyage-au-Congo-\u2013-Couverture-EP1-768x1152.jpg 768w, https:\/\/editionsdudetour.com\/wp-content\/uploads\/2022\/08\/Voyage-au-Congo-\u2013-Couverture-EP1-1024x1536.jpg 1024w, https:\/\/editionsdudetour.com\/wp-content\/uploads\/2022\/08\/Voyage-au-Congo-\u2013-Couverture-EP1-1365x2048.jpg 1365w, https:\/\/editionsdudetour.com\/wp-content\/uploads\/2022\/08\/Voyage-au-Congo-\u2013-Couverture-EP1-624x936.jpg 624w, https:\/\/editionsdudetour.com\/wp-content\/uploads\/2022\/08\/Voyage-au-Congo-\u2013-Couverture-EP1-1320x1980.jpg 1320w, https:\/\/editionsdudetour.com\/wp-content\/uploads\/2022\/08\/Voyage-au-Congo-\u2013-Couverture-EP1-scaled.jpg 1707w\" sizes=\"(max-width: 256px) 100vw, 256px\" \/><\/a>Voyage au Congo<\/h1>\n<h3>Andr\u00e9 Gide<br \/><span style=\"color: #000000;\">Pr\u00e9face d\u2019H\u00e9l\u00e8ne Blais<\/span><\/h3>\n<p><em>En 1926, Andr\u00e9 Gide voyage au Congo pendant presque un an. Son carnet retrace son p\u00e9riple et d\u00e9nonce avec virulence les violences coloniales fran\u00e7aises envers les habitants, indignes, pour lui, des principes que doit d\u00e9fendre son pays.<\/em><\/p>\n<p>De juillet\u202f1926 \u00e0 mai\u202f1927, Andr\u00e9 Gide et son compagnon Marc All\u00e9gret parcourent l\u2019Afrique \u00e9quatoriale fran\u00e7aise. Le romancier retranscrit les observations de son long voyage dans un carnet. Il y relate dans sa langue \u00e9l\u00e9gante la beaut\u00e9 des terres visit\u00e9es, et, avec une col\u00e8re froide, la terrible exploitation des habitants par les industriels fran\u00e7ais et l\u2019administration coloniale. Le livre marquera un tournant en France, per\u00e7u \u00e0 sa parution comme un r\u00e9quisitoire contre la violence de la colonisation, provoquant une large prise de conscience (Albert Londres partira sur les traces de Gide peu apr\u00e8s, ce qui deviendra son reportage <em>Terre d\u2019\u00e9b\u00e8ne<\/em>) et de tr\u00e8s vives r\u00e9actions des nationalistes inquiets des int\u00e9r\u00eats de l\u2019empire colonial.<\/p>\n<p>Au-del\u00e0 du geste politique de l\u2019auteur, <em>Voyage au Congo<\/em> est aussi un t\u00e9moignage important au regard de l\u2019histoire de la colonisation, documentant \u00e0 la fois les horreurs de la mainmise fran\u00e7aise, mais aussi l\u2019impossibilit\u00e9 \u2014<i>\u00a0<\/i>dont l\u2019auteur lui-m\u00eame ne peut \u00eatre exon\u00e9r\u00e9<i>\u00a0<\/i>\u2014 d\u2019en penser la fin.<\/p>\n<p><span style=\"color: #993300;\"><strong>Andr\u00e9 Gide<\/strong><\/span> (1869-1951), est un romancier majeur du XX<sup>e<\/sup><i>\u00a0<\/i>si\u00e8cle, prix Nobel de Litt\u00e9rature en 1947. <br \/><span style=\"color: #993300;\"><strong>H\u00e9l\u00e8ne Blais<\/strong> <\/span>est professeure d\u2019histoire contemporaine \u00e0 l\u2019\u00c9cole normale sup\u00e9rieure &#8211; PSL et historienne de la colonisation.<\/p>\n<table style=\"width: 32.2137%; height: 260px;\">\n<tbody>\n<tr>\n<td>Parution : 3 novembre 2022<\/td>\n<\/tr>\n<tr>\n<td>Genre : r\u00e9cit de voyage<\/td>\n<\/tr>\n<tr>\n<td>Domaine : histoire<\/td>\n<\/tr>\n<tr>\n<td>21,90 \u20ac<\/td>\n<\/tr>\n<tr>\n<td>256 pages, broch\u00e9, rabats<\/td>\n<\/tr>\n<tr>\n<td>Format : 16X24 cm<\/td>\n<\/tr>\n<tr>\n<td>ISBN : 979-10-97079-91-8<\/td>\n<\/tr>\n<\/tbody>\n<\/table>\n\n\n\n<h3>Extraits et table des mati\u00e8res<\/h3>\n\n\n\t\t<style>\r\n            #h5vp69f0cbcfd217a iframe {  width: 100%; }        <\/style>\r\n        \t    <div id=\"h5vp69f0cbcfd217a\" class=\"pdfp_wrapper\">\r\n                        <div class=\"cta_wrapper\">\r\n                \t            <p><a class=\"fullscreenBtn\" href=\"https:\/\/editionsdudetour.com\/wp-content\/plugins\/pdf-poster\/pdfjs\/web\/viewer.html?file=http:\/\/editionsdudetour.com\/wp-content\/uploads\/2020\/08\/Voyage-au-Congo-extrait-pour-site.pdf&#038;download=true&#038;print=&#038;openfile=false\"><button>View Fullscreen<\/button><\/a><\/p>\r\n            <\/div>\r\n            <div class=\"iframe_wrapper\">\r\n                <iframe loading=\"lazy\" width=\"100%\" height=\"1122px\" src=\"https:\/\/editionsdudetour.com\/wp-content\/plugins\/pdf-poster\/pdfjs\/web\/viewer.html?file=http:\/\/editionsdudetour.com\/wp-content\/uploads\/2020\/08\/Voyage-au-Congo-extrait-pour-site.pdf&#038;download=true&#038;print=&#038;openfile=false\"><\/iframe>\r\n            <\/div>\r\n\t    <\/div>\r\n        ","protected":false},"excerpt":{"rendered":"<p>Voyage au Congo Andr\u00e9 GidePr\u00e9face d\u2019H\u00e9l\u00e8ne Blais En 1926, Andr\u00e9 Gide voyage au Congo pendant presque un an. Son carnet retrace son p\u00e9riple et d\u00e9nonce avec virulence les violences coloniales fran\u00e7aises envers les habitants, indignes, pour lui, des principes que doit d\u00e9fendre son pays. De juillet\u202f1926 \u00e0 mai\u202f1927, Andr\u00e9 Gide et son compagnon Marc All\u00e9gret [&hellip;]<\/p>\n","protected":false},"author":1,"featured_media":0,"parent":0,"menu_order":0,"comment_status":"closed","ping_status":"closed","template":"","meta":[],"_links":{"self":[{"href":"https:\/\/editionsdudetour.com\/index.php\/wp-json\/wp\/v2\/pages\/3345"}],"collection":[{"href":"https:\/\/editionsdudetour.com\/index.php\/wp-json\/wp\/v2\/pages"}],"about":[{"href":"https:\/\/editionsdudetour.com\/index.php\/wp-json\/wp\/v2\/types\/page"}],"author":[{"embeddable":true,"href":"https:\/\/editionsdudetour.com\/index.php\/wp-json\/wp\/v2\/users\/1"}],"replies":[{"embeddable":true,"href":"https:\/\/editionsdudetour.com\/index.php\/wp-json\/wp\/v2\/comments?post=3345"}],"version-history":[{"count":7,"href":"https:\/\/editionsdudetour.com\/index.php\/wp-json\/wp\/v2\/pages\/3345\/revisions"}],"predecessor-version":[{"id":4775,"href":"https:\/\/editionsdudetour.com\/index.php\/wp-json\/wp\/v2\/pages\/3345\/revisions\/4775"}],"wp:attachment":[{"href":"https:\/\/editionsdudetour.com\/index.php\/wp-json\/wp\/v2\/media?parent=3345"}],"curies":[{"name":"wp","href":"https:\/\/api.w.org\/{rel}","templated":true}]}}