{"id":2143,"date":"2021-06-19T09:26:23","date_gmt":"2021-06-19T07:26:23","guid":{"rendered":"http:\/\/editionsdudetour.com\/?page_id=2143"},"modified":"2025-02-14T15:41:44","modified_gmt":"2025-02-14T14:41:44","slug":"la-rafle-du-vel-dhiv","status":"publish","type":"page","link":"https:\/\/editionsdudetour.com\/index.php\/les-livres\/la-rafle-du-vel-dhiv\/","title":{"rendered":""},"content":{"rendered":"\n<h1><a href=\"http:\/\/editionsdudetour.com\/index.php\/les-livres\/la-rafle-du-vel-dhiv\/la-rafle-du-vel-dhiv-2\/\" rel=\"attachment wp-att-3116\"><img loading=\"lazy\" class=\"wp-image-3116 alignleft\" src=\"http:\/\/editionsdudetour.com\/wp-content\/uploads\/2022\/05\/La-rafle-du-Vel-dHiv-674x1024.jpg\" alt=\"\" width=\"201\" height=\"306\" srcset=\"https:\/\/editionsdudetour.com\/wp-content\/uploads\/2022\/05\/La-rafle-du-Vel-dHiv-674x1024.jpg 674w, https:\/\/editionsdudetour.com\/wp-content\/uploads\/2022\/05\/La-rafle-du-Vel-dHiv-197x300.jpg 197w, https:\/\/editionsdudetour.com\/wp-content\/uploads\/2022\/05\/La-rafle-du-Vel-dHiv-768x1168.jpg 768w, https:\/\/editionsdudetour.com\/wp-content\/uploads\/2022\/05\/La-rafle-du-Vel-dHiv-1010x1536.jpg 1010w, https:\/\/editionsdudetour.com\/wp-content\/uploads\/2022\/05\/La-rafle-du-Vel-dHiv-1347x2048.jpg 1347w, https:\/\/editionsdudetour.com\/wp-content\/uploads\/2022\/05\/La-rafle-du-Vel-dHiv-624x949.jpg 624w, https:\/\/editionsdudetour.com\/wp-content\/uploads\/2022\/05\/La-rafle-du-Vel-dHiv-1320x2007.jpg 1320w, https:\/\/editionsdudetour.com\/wp-content\/uploads\/2022\/05\/La-rafle-du-Vel-dHiv.jpg 1476w\" sizes=\"(max-width: 201px) 100vw, 201px\" \/><\/a>La Rafle du V\u00e9l\u2019 d\u2019Hiv<\/h1>\n<h3>Maurice Rajsfus<br><br><\/h3>\n<p>16-17 juillet 1942, 7 000 policiers fran\u00e7ais raflent 13 152 Juifs&nbsp;: hommes, femmes et enfants (plus de 4&nbsp;000). Ils sont enferm\u00e9s au V\u00e9lodrome d\u2019hivers ou \u00e0 Drancy, avant d\u2019\u00eatre d\u00e9port\u00e9s.<\/p>\n<p>La grande rafle des 16 et 17 juillet 1942 (dite rafle du V\u00e9l\u2019 d\u2019Hiv) n\u2019a \u00e9t\u00e9 ni la premi\u00e8re ni la derni\u00e8re de ces op\u00e9rations raciales conduites par la police fran\u00e7aise. Ce fut n\u00e9anmoins la plus importante, la plus embl\u00e9matique de ces actions r\u00e9pressives. Il y a d\u2019abord le nombre des personnes arr\u00eat\u00e9es (13 152)&nbsp;; le fait aussi que, pour la premi\u00e8re fois, des femmes et des enfants \u00e9taient concern\u00e9s.<\/p>\n<p>Pourtant, du 14\u202fmai 1941 \u00e0 la fin du printemps 1944, les rafles ont \u00e9t\u00e9 nombreuses, sans pour autant laisser le m\u00eame souvenir. Cette op\u00e9ration, enti\u00e8rement conduite par la police fran\u00e7aise, laisse une trace ind\u00e9l\u00e9bile, car elle fut surtout la d\u00e9monstration du pouvoir de nuisance d\u2019un corps de fonctionnaires ayant perdu tous ses rep\u00e8res.<br>L\u2019analyse de ce sombre \u00e9pisode a pour fonction d\u2019alerter les citoyens d\u2019un pays libre sur les d\u00e9rives d\u2019un pouvoir fort.<\/p>\n<p>La premi\u00e8re \u00e9dition de ce livre est parue en 2002.<\/p>\n<p>Rescap\u00e9 de la rafle du V\u00e9l\u2019 d\u2019Hiv \u00e0 quatorze ans, historien de la r\u00e9pression polici\u00e8re et militant antiautoritaire, <span style=\"color: #993300;\"><strong>Maurice Rajsfus<\/strong><\/span> (1928-2020) fut l\u2019auteur de plus de 60 ouvrages, dont, sur la m\u00eame p\u00e9riode et aux \u00e9ditions du D\u00e9tour, <em>Des Juifs dans la collaboration<\/em> et <em>La Police de Vichy<\/em>.<\/p>\n<table width=\"623\">\n<tbody>\n<tr>\n<td>Parution : 10 juin 2021<\/td>\n<\/tr>\n<tr>\n<td>Genre : essai<\/td>\n<\/tr>\n<tr>\n<td>Domaine : Histoire<\/td>\n<\/tr>\n<tr>\n<td>Livre 10,90 \u20ac, ePub 7,99 \u20ac<\/td>\n<\/tr>\n<tr>\n<td>152 pages, noir<\/td>\n<\/tr>\n<tr>\n<td>Format : 12,50 x 19 cm, broch\u00e9, rabats<\/td>\n<\/tr>\n<tr>\n<td>ISBN : 979-10-97079-77-2<\/td>\n<\/tr>\n<\/tbody>\n<\/table>\n\n\n\n<h3>\u00a0<\/h3>\n<h3>Introduction et table des mati\u00e8res<\/h3>\n<p>\u00a0<\/p>\n\n\n\t\t<style>\r\n            #h5vp69f4a37aa93bc iframe {  width: 100%; }        <\/style>\r\n        \t    <div id=\"h5vp69f4a37aa93bc\" class=\"pdfp_wrapper\">\r\n                        <div class=\"cta_wrapper\">\r\n                \t            <p><a class=\"fullscreenBtn\" href=\"https:\/\/editionsdudetour.com\/wp-content\/plugins\/pdf-poster\/pdfjs\/web\/viewer.html?file=http:\/\/editionsdudetour.com\/wp-content\/uploads\/2020\/08\/La-rafle-du-Ve\u0301l-dHiv-\u2013-pour-site.pdf&#038;download=true&#038;print=&#038;openfile=false\"><button>View Fullscreen<\/button><\/a><\/p>\r\n            <\/div>\r\n            <div class=\"iframe_wrapper\">\r\n                <iframe loading=\"lazy\" width=\"100%\" height=\"1122px\" src=\"https:\/\/editionsdudetour.com\/wp-content\/plugins\/pdf-poster\/pdfjs\/web\/viewer.html?file=http:\/\/editionsdudetour.com\/wp-content\/uploads\/2020\/08\/La-rafle-du-Ve\u0301l-dHiv-\u2013-pour-site.pdf&#038;download=true&#038;print=&#038;openfile=false\"><\/iframe>\r\n            <\/div>\r\n\t    <\/div>\r\n        ","protected":false},"excerpt":{"rendered":"<p>La Rafle du V\u00e9l\u2019 d\u2019Hiv Maurice Rajsfus 16-17 juillet 1942, 7 000 policiers fran\u00e7ais raflent 13 152 Juifs&nbsp;: hommes, femmes et enfants (plus de 4&nbsp;000). Ils sont enferm\u00e9s au V\u00e9lodrome d\u2019hivers ou \u00e0 Drancy, avant d\u2019\u00eatre d\u00e9port\u00e9s. La grande rafle des 16 et 17 juillet 1942 (dite rafle du V\u00e9l\u2019 d\u2019Hiv) n\u2019a \u00e9t\u00e9 ni la [&hellip;]<\/p>\n","protected":false},"author":2,"featured_media":0,"parent":14,"menu_order":0,"comment_status":"closed","ping_status":"closed","template":"","meta":[],"_links":{"self":[{"href":"https:\/\/editionsdudetour.com\/index.php\/wp-json\/wp\/v2\/pages\/2143"}],"collection":[{"href":"https:\/\/editionsdudetour.com\/index.php\/wp-json\/wp\/v2\/pages"}],"about":[{"href":"https:\/\/editionsdudetour.com\/index.php\/wp-json\/wp\/v2\/types\/page"}],"author":[{"embeddable":true,"href":"https:\/\/editionsdudetour.com\/index.php\/wp-json\/wp\/v2\/users\/2"}],"replies":[{"embeddable":true,"href":"https:\/\/editionsdudetour.com\/index.php\/wp-json\/wp\/v2\/comments?post=2143"}],"version-history":[{"count":8,"href":"https:\/\/editionsdudetour.com\/index.php\/wp-json\/wp\/v2\/pages\/2143\/revisions"}],"predecessor-version":[{"id":4788,"href":"https:\/\/editionsdudetour.com\/index.php\/wp-json\/wp\/v2\/pages\/2143\/revisions\/4788"}],"up":[{"embeddable":true,"href":"https:\/\/editionsdudetour.com\/index.php\/wp-json\/wp\/v2\/pages\/14"}],"wp:attachment":[{"href":"https:\/\/editionsdudetour.com\/index.php\/wp-json\/wp\/v2\/media?parent=2143"}],"curies":[{"name":"wp","href":"https:\/\/api.w.org\/{rel}","templated":true}]}}