{"id":1286,"date":"2019-12-25T22:56:39","date_gmt":"2019-12-25T21:56:39","guid":{"rendered":"http:\/\/editionsdudetour.com\/?page_id=1286"},"modified":"2022-05-18T15:40:07","modified_gmt":"2022-05-18T13:40:07","slug":"les-refugies-du-mekong-cambodgiens-laotiens-et-vietnamiens-en-france","status":"publish","type":"page","link":"https:\/\/editionsdudetour.com\/index.php\/les-livres\/les-refugies-du-mekong-cambodgiens-laotiens-et-vietnamiens-en-france\/","title":{"rendered":"Les R\u00e9fugi\u00e9s du M\u00e9kong Cambodgiens, Laotiens et Vietnamiens en France"},"content":{"rendered":"\n<h1><span data-rich-text-format-boundary=\"true\"><a href=\"http:\/\/editionsdudetour.com\/index.php\/les-livres\/les-refugies-du-mekong-cambodgiens-laotiens-et-vietnamiens-en-france\/les-refugies-du-mekong-couverture-bat-2\/\" rel=\"attachment wp-att-3108\"><img loading=\"lazy\" class=\"wp-image-3108 alignleft\" src=\"http:\/\/editionsdudetour.com\/wp-content\/uploads\/2022\/05\/Les-Refugies-du-Mekong-couverture-BAT-642x1024.jpg\" alt=\"\" width=\"173\" height=\"276\" srcset=\"https:\/\/editionsdudetour.com\/wp-content\/uploads\/2022\/05\/Les-Refugies-du-Mekong-couverture-BAT-642x1024.jpg 642w, https:\/\/editionsdudetour.com\/wp-content\/uploads\/2022\/05\/Les-Refugies-du-Mekong-couverture-BAT-188x300.jpg 188w, https:\/\/editionsdudetour.com\/wp-content\/uploads\/2022\/05\/Les-Refugies-du-Mekong-couverture-BAT-768x1225.jpg 768w, https:\/\/editionsdudetour.com\/wp-content\/uploads\/2022\/05\/Les-Refugies-du-Mekong-couverture-BAT-963x1536.jpg 963w, https:\/\/editionsdudetour.com\/wp-content\/uploads\/2022\/05\/Les-Refugies-du-Mekong-couverture-BAT-1284x2048.jpg 1284w, https:\/\/editionsdudetour.com\/wp-content\/uploads\/2022\/05\/Les-Refugies-du-Mekong-couverture-BAT-624x995.jpg 624w, https:\/\/editionsdudetour.com\/wp-content\/uploads\/2022\/05\/Les-Refugies-du-Mekong-couverture-BAT-1320x2105.jpg 1320w, https:\/\/editionsdudetour.com\/wp-content\/uploads\/2022\/05\/Les-Refugies-du-Mekong-couverture-BAT-scaled.jpg 1605w\" sizes=\"(max-width: 173px) 100vw, 173px\" \/><\/a>Les R\u00e9fugi\u00e9s du M\u00e9kong<\/span><\/h1>\n<h2><em data-rich-text-format-boundary=\"true\">Cambodgiens, Laotiens et Vietnamiens en France<\/em><\/h2>\n<h3>Karine Meslin<\/h3>\n<p>Ce livre raconte la fuite tragique, l\u2019accueil et l\u2019installation en France de ceux que l\u2019on a nomm\u00e9s les <em>Boat people<\/em>, les \u00ab gens des bateaux \u00bb. Il interroge \u00e9galement les conditions d\u2019un \u00e9lan de solidarit\u00e9 mondial, et notamment en France, o\u00f9 130\u00a0000 de ces r\u00e9fugi\u00e9s ont \u00e9t\u00e9 accueillis entre 1975 et 1989.<\/p>\n\n\n\n<p>\u00c0 partir de 1975, au moment o\u00f9 le Cambodge, le Laos et le Vietnam \nsombrent dans la dictature, des millions de personnes fuient ces pays, \nle plus souvent par la mer, dans des conditions tragiques. En pleine \nguerre froide, ils soul\u00e8vent en Occident, et notamment en France, un \n\u00e9lan de solidarit\u00e9 immense.<br>Le livre analyse comment ces milliers de \npersonnes tr\u00e8s diverses \u2014 paysans, employ\u00e9s ou issus des bourgeoisies et\n des \u00e9lites des r\u00e9gimes renvers\u00e9s \u2014 vont trouver refuge en France. En \n1975, 67 Centres provisoires d\u2019h\u00e9bergement (CPH) \u00e9taient r\u00e9partis sur \n39&nbsp;d\u00e9partements. <br>Ces nouveaux arrivants b\u00e9n\u00e9ficient d\u2019un <em>a priori<\/em>\n positif, li\u00e9 \u00e0 l\u2019\u00e9motion provoqu\u00e9e par les images de leurs fragiles \nbateaux, ainsi que par le clich\u00e9 r\u00e9pandu de l\u2019Asiatique travailleur et \ndiscret. Pourtant, les parcours individuels et collectifs \u00e9voqu\u00e9s ici \nmontrent que l\u2019isolement et le d\u00e9classement n\u2019ont pas \u00e9t\u00e9 \u00e9pargn\u00e9s \u00e0 ces\n r\u00e9fugi\u00e9s \u00ab mod\u00e8les&nbsp;\u00bb.<br>Enfin, l\u2019autrice analyse la place en France \ndes enfants et bient\u00f4t petits-enfants de ces r\u00e9fugi\u00e9s pour lesquels \nl\u2019\u00e9cole joue un r\u00f4le majeur et qui gardent des liens forts avec les \ncultures d\u2019origine de leurs familles.<\/p>\n\n\n\n<p>Docteure en sociologie, <strong><span style=\"color:#a60220\" class=\"tadv-color\">Karine Mesli<\/span><span style=\"color:#a30031\" class=\"tadv-color\">n<\/span>&nbsp;<\/strong>travaille  au sein du GERS (Groupe d\u2019\u00e9tudes et de recherches sociales), bureau  d\u2019\u00e9tudes sp\u00e9cialiste des politiques et des services publics. Elle est  \u00e9galement chercheuse associ\u00e9e au laboratoire du Cens (Centre nantais de  sociologie, Universit\u00e9 de Nantes).<\/p>\n\n\n\n<figure class=\"wp-block-table\"><table><tbody><tr><td>Parution : 16 janvier 2020<\/td><\/tr><tr><td>Collection : Venus d\u2019ailleurs<\/td><\/tr><tr><td>18,90 \u20ac<\/td><\/tr><tr><td>224 pages<\/td><\/tr><tr><td>Format : 14 X 22 cm<\/td><\/tr><tr><td>ISBN : 979-10-97079-49-9<\/td><\/tr><\/tbody><\/table><\/figure>\n\n\n\n<h3>Premi\u00e8res pages et table des mati\u00e8res<\/h3>\n\n\n\t\t<style>\r\n            #h5vp69f74c8e6db5d iframe {  width: 100%; }        <\/style>\r\n        \t    <div id=\"h5vp69f74c8e6db5d\" class=\"pdfp_wrapper\">\r\n                        <div class=\"cta_wrapper\">\r\n                \t            <p><a class=\"fullscreenBtn\" href=\"https:\/\/editionsdudetour.com\/wp-content\/plugins\/pdf-poster\/pdfjs\/web\/viewer.html?file=http:\/\/editionsdudetour.com\/wp-content\/uploads\/2020\/08\/refugies-du-Mekong.pdf&#038;download=true&#038;print=&#038;openfile=false\"><button>View Fullscreen<\/button><\/a><\/p>\r\n            <\/div>\r\n            <div class=\"iframe_wrapper\">\r\n                <iframe loading=\"lazy\" width=\"100%\" height=\"1122px\" src=\"https:\/\/editionsdudetour.com\/wp-content\/plugins\/pdf-poster\/pdfjs\/web\/viewer.html?file=http:\/\/editionsdudetour.com\/wp-content\/uploads\/2020\/08\/refugies-du-Mekong.pdf&#038;download=true&#038;print=&#038;openfile=false\"><\/iframe>\r\n            <\/div>\r\n\t    <\/div>\r\n        ","protected":false},"excerpt":{"rendered":"<p>Les R\u00e9fugi\u00e9s du M\u00e9kong Cambodgiens, Laotiens et Vietnamiens en France Karine Meslin Ce livre raconte la fuite tragique, l\u2019accueil et l\u2019installation en France de ceux que l\u2019on a nomm\u00e9s les Boat people, les \u00ab gens des bateaux \u00bb. Il interroge \u00e9galement les conditions d\u2019un \u00e9lan de solidarit\u00e9 mondial, et notamment en France, o\u00f9 130\u00a0000 de [&hellip;]<\/p>\n","protected":false},"author":1,"featured_media":0,"parent":14,"menu_order":0,"comment_status":"closed","ping_status":"closed","template":"","meta":[],"_links":{"self":[{"href":"https:\/\/editionsdudetour.com\/index.php\/wp-json\/wp\/v2\/pages\/1286"}],"collection":[{"href":"https:\/\/editionsdudetour.com\/index.php\/wp-json\/wp\/v2\/pages"}],"about":[{"href":"https:\/\/editionsdudetour.com\/index.php\/wp-json\/wp\/v2\/types\/page"}],"author":[{"embeddable":true,"href":"https:\/\/editionsdudetour.com\/index.php\/wp-json\/wp\/v2\/users\/1"}],"replies":[{"embeddable":true,"href":"https:\/\/editionsdudetour.com\/index.php\/wp-json\/wp\/v2\/comments?post=1286"}],"version-history":[{"count":13,"href":"https:\/\/editionsdudetour.com\/index.php\/wp-json\/wp\/v2\/pages\/1286\/revisions"}],"predecessor-version":[{"id":3109,"href":"https:\/\/editionsdudetour.com\/index.php\/wp-json\/wp\/v2\/pages\/1286\/revisions\/3109"}],"up":[{"embeddable":true,"href":"https:\/\/editionsdudetour.com\/index.php\/wp-json\/wp\/v2\/pages\/14"}],"wp:attachment":[{"href":"https:\/\/editionsdudetour.com\/index.php\/wp-json\/wp\/v2\/media?parent=1286"}],"curies":[{"name":"wp","href":"https:\/\/api.w.org\/{rel}","templated":true}]}}